{"id":263,"date":"2022-02-05T16:30:40","date_gmt":"2022-02-05T16:30:40","guid":{"rendered":"https:\/\/sbpr.org.br\/radio2022\/about\/"},"modified":"2022-07-08T18:50:01","modified_gmt":"2022-07-08T18:50:01","slug":"inscricoes","status":"publish","type":"page","link":"https:\/\/sbpr.org.br\/radio2022\/inscricoes\/","title":{"rendered":"Inscri\u00e7\u00f5es"},"content":{"rendered":"\n\n\n\r\n<h1>Inscri\u00e7\u00f5es RADIO 2022<\/h1>\r\n\n\n\n\n\n\n\r\n<h6>Inscreva-se j\u00e1!<\/h6>\r\n\n\n\r\n<h6>Inscri\u00e7\u00f5es antecipadas com desconto de 20%<\/h6>\r\n<p>At\u00e9 15\/06\/2022 &#8211; Os valores incluem programa\u00e7\u00e3o cientifica, coffee breaks, 3 almo\u00e7os e coquetel de abertura.<\/p>\r\n<p>Profissionais: R$960,00<\/p>\r\n<p>T\u00e9cnicos e estudantes: R$720,00<\/p>\r\n<p>Associados SBPR (profissionais): R$800,00<\/p>\r\n<p>Associados SBPR (t\u00e9cnicos e estudantes): R$560,00<\/p>\r\n\n\r\n<h6>Inscri\u00e7\u00f5es antecipadas com desconto de 10%<\/h6>\r\n<p>At\u00e9 15\/07\/2022 &#8211; Os valores incluem programa\u00e7\u00e3o cientifica, coffee breaks, 3 almo\u00e7os e coquetel de abertura.<\/p>\r\n<p>Profissionais: R$1080,00<\/p>\r\n<p>T\u00e9cnicos e estudantes: R$810,00<\/p>\r\n<p>Associados SBPR (profissionais): R$900,00<\/p>\r\n<p>Associados SBPR (t\u00e9cnicos e estudantes): R$630,00<\/p>\r\n\n<h6>Inscri\u00e7\u00f5es sem desconto&nbsp;<\/h6>\n<p>A partir de 16\/07\/2022 &#8211; Os valores incluem programa\u00e7\u00e3o cientifica, coffee breaks, 3 almo\u00e7os e coquetel de abertura.<\/p>\n<p>Profissionais: R$1200,00<\/p>\n<p>T\u00e9cnicos e estudantes: R$900,00<\/p>\n<p>Associados SBPR (profissionais): R$1000,00<\/p>\n<p>Associados SBPR (t\u00e9cnicos e estudantes): R$700,00<\/p>\n<h6>Pacotes para empresas\/ institui\u00e7\u00f5es<\/h6>\n<p>Grupos a partir de 4 pessoas &#8211; Os valores incluem programa\u00e7\u00e3o cientifica, coffee breaks, 3 almo\u00e7os, coquetel de abertura e hospedagem por 4 noites.<\/p>\n<p>Profissionais: R$2000,00<\/p>\n<p>Estudantes: R$1300,00<\/p><br>\n<p><\/p><p>Visando reduzir os custos com a participa\u00e7\u00e3o e facilitar a log\u00edstica da institui\u00e7\u00e3o, h\u00e1 a op\u00e7\u00e3o de inscri\u00e7\u00e3o individual completa que inclui,  participa\u00e7\u00e3o no evento,  hospedagem,  alimenta\u00e7\u00e3o (caf\u00e9 da manh\u00e3, almo\u00e7o e jantar nos dias 16, 17, 18\/08\/2022 e caf\u00e9 da manh\u00e3 e almo\u00e7o no dia 19\/08\/2022) e transporte rodovi\u00e1rio para inscritos dos estados de Minas Gerais, S\u00e3o Paulo e Rio de Janeiro.  A inscri\u00e7\u00e3o individual completa ter\u00e1 um custo de R$ 2500,00. Esta op\u00e7\u00e3o est\u00e1 condicionada a um n\u00famero m\u00ednimo de inscritos em cada estado. Confira as condi\u00e7\u00f5es com a Prisma Eventos &#8211; (35) 3721-3851 ou (35) 3721-1092 ou e-mail: contato@eventosprisma.com.br <\/p>\n\n<p>\u00c9 poss\u00edvel pagar por empenho. Toda a documenta\u00e7\u00e3o da SBPR est\u00e1 dispon\u00edvel em https:\/\/www.sbpr.org.br\/conteudo.php?p=informacoes-sbpr<\/p>\n<\/p>\n\n\n<\/p>\r\n<p><span style=\"font-size: 14px;\">\u00a0<\/span>A RADIO 2022 \u00e9 um evento exclusivamente presencial que discutir\u00e1 as tend\u00eancias e inova\u00e7\u00f5es em prote\u00e7\u00e3o radiol\u00f3gica. Vagas limitadas. Inscreva-se j\u00e1 e garanta sua vaga.<\/p>\r\n<p>\n<\/p>\r\n<p><span style=\"font-size: 14px;\">\u00a0<\/span>Os abstracts e papers devem estar dentro de uma das \u00e1reas tem\u00e1ticas do evento e respeitar rigorosamente as orienta\u00e7\u00f5es do comit\u00ea cient\u00edfico. Confira o template.<\/p>\r\n<p>\n\n\n\n\n<h6>P\u00fablico alvo<\/h6>\n\n<ul>\n<li>Supervisores e T\u00e9cnicos de Prote\u00e7\u00e3o Radiol\u00f3gica;<\/li> \n<li>F\u00edsicos M\u00e9dicos;<\/li> \n<li>T\u00e9cnicos e Tecn\u00f3logos em Radiologia M\u00e9dica e Industrial;<\/li> \n<li>T\u00e9cnicos, Profissionais e Estudantes das \u00e1reas de aplica\u00e7\u00f5es das radia\u00e7\u00f5es ionizantes e de t\u00e9cnicas nucleares na ind\u00fastria, medicina, agricultura, e na pesquisa cient\u00edfica;<\/li> \n<li>Profissionais das \u00e1reas de extra\u00e7\u00e3o de petr\u00f3leo e g\u00e1s, das instala\u00e7\u00f5es de minera\u00e7\u00e3o e beneficiamento de min\u00e9rios convencionais com ur\u00e2nio e t\u00f3rio associados e da ind\u00fastria nuclear (INB,  ELETRONUCLEAR, NUCLEP) e de gera\u00e7\u00e3o de energia;<\/li>\n<li>Fornecedores de servi\u00e7os e equipamentos relacionados \u00e0s radia\u00e7\u00f5es ionizantes e n\u00e3o ionizantes;<\/li> \n<li>Usu\u00e1rios de fontes radioativas e de equipamentos geradores de radia\u00e7\u00f5es ionizantes e n\u00e3o ionizantes;<\/li> \n<li>Servidores dos \u00f3rg\u00e3os reguladores e fiscalizadores do Brasil (CNEN, ANVISA, IBAMA, Secretarias Estaduais e Municipais, etc.), de Portugal e de outros pa\u00edses;<\/li> \n<li>Profissionais dos \u00f3rg\u00e3os de regulamenta\u00e7\u00e3o profissional (CONTER, CBR, etc);<\/li>\n<li>T\u00e9cnicos e especialistas em Vigil\u00e2ncia Sanit\u00e1ria;<\/li>\n<li>T\u00e9cnicos que atuam em portos e aeroportos envolvidos na prote\u00e7\u00e3o e seguran\u00e7a do transporte de produtos perigosos Classe 7;<\/li> \n<li>T\u00e9cnicos e engenheiros das \u00e1reas de seguran\u00e7a e medicina do trabalho, envolvidos com prote\u00e7\u00e3o radiol\u00f3gica;<\/li> \n<li>M\u00e9dicos e Enfermeiros do Trabalho;<\/li>  \n<li>Especialistas da FUNDACENTRO;<\/li> \n<li>Diretores e gerentes de empresas envolvidas com o tema;<\/li> \n<li>Ge\u00f3logos e t\u00e9cnicos nas \u00e1reas de radioatividade natural, minera\u00e7\u00e3o e beneficiamento;<\/li> \n<li>Especialistas  em Direito Ambiental e Nuclear;<\/li> \n<li>Professores e alunos com interesse na \u00e1rea nuclear e nas aplica\u00e7\u00f5es das radia\u00e7\u00f5es.<\/li>\n<\/ul>\n\n\n\n\n<\/p>\r\n<h6>O evento mais esperado do ano!<\/h6>\r\n<p>\n\n<\/p>\r\n\n\r\n<p>\n\n\n\n\n<\/p>\r\n<p><span style=\"font-size: 14px;\">\u00a0<\/span>Este evento presencial ser\u00e1 uma grande oportunidade de atualiza\u00e7\u00e3o profissional, conhecer novas pesquisas, estabelecer novas parcerias, consolidar trabalhos.\u00a0<\/p>\r\n<p>\n\n\n<\/p>\r\n<p><span style=\"font-size: 14px;\">\u00a0<\/span>O tema da confer\u00eancia \u00e9 da mais alta import\u00e2ncia e de interesse de toda a comunidade radioprotecionista. Uma oportunidade de interagir com pares e especialistas.<\/p>\r\n<p>\n\n\n<\/p>\r\n<p><span style=\"font-size: 14px;\">\u00a0<\/span>Os autores inscritos na confer\u00eancia podem enviar seus trabalhos para aprecia\u00e7\u00e3o da BJRS, revista cient\u00edfica editada pela SBPR com classifica\u00e7\u00e3o A2 interdisciplinar na Qualis &#8211; CAPES.\u00a0<\/p>\r\n<p>\n\n\n<\/p>\r\n<p><span style=\"font-size: 14px;\">\u00a0<\/span>O Primeiro Encontro Nacional de Mulheres do Setor Nuclear \u00e9 uma grande conquista na nossa luta pela equidade de g\u00eanero e diversidade nas Ci\u00eancias &amp; Tecnologias Nucleares no Brasil.<\/p>\r\n<p>\n\n\n\n\n\n\n\n\n\n\n","protected":false},"excerpt":{"rendered":"","protected":false},"author":1,"featured_media":0,"parent":0,"menu_order":0,"comment_status":"closed","ping_status":"closed","template":"","meta":{"pagelayer_contact_templates":[],"_pagelayer_content":"","footnotes":""},"class_list":["post-263","page","type-page","status-publish","hentry"],"_links":{"self":[{"href":"https:\/\/sbpr.org.br\/radio2022\/wp-json\/wp\/v2\/pages\/263","targetHints":{"allow":["GET"]}}],"collection":[{"href":"https:\/\/sbpr.org.br\/radio2022\/wp-json\/wp\/v2\/pages"}],"about":[{"href":"https:\/\/sbpr.org.br\/radio2022\/wp-json\/wp\/v2\/types\/page"}],"author":[{"embeddable":true,"href":"https:\/\/sbpr.org.br\/radio2022\/wp-json\/wp\/v2\/users\/1"}],"replies":[{"embeddable":true,"href":"https:\/\/sbpr.org.br\/radio2022\/wp-json\/wp\/v2\/comments?post=263"}],"version-history":[{"count":59,"href":"https:\/\/sbpr.org.br\/radio2022\/wp-json\/wp\/v2\/pages\/263\/revisions"}],"predecessor-version":[{"id":1023,"href":"https:\/\/sbpr.org.br\/radio2022\/wp-json\/wp\/v2\/pages\/263\/revisions\/1023"}],"wp:attachment":[{"href":"https:\/\/sbpr.org.br\/radio2022\/wp-json\/wp\/v2\/media?parent=263"}],"curies":[{"name":"wp","href":"https:\/\/api.w.org\/{rel}","templated":true}]}}