{"id":143,"date":"2024-02-20T21:29:16","date_gmt":"2024-02-20T21:29:16","guid":{"rendered":"https:\/\/sbpr.org.br\/radio2024\/?page_id=143"},"modified":"2024-09-26T01:32:13","modified_gmt":"2024-09-26T01:32:13","slug":"comite-organizador","status":"publish","type":"page","link":"https:\/\/sbpr.org.br\/radio2024\/comite-organizador\/","title":{"rendered":"Organiza\u00e7\u00e3o"},"content":{"rendered":"\n\n\n<h1><strong style=\"color: rgb(255, 255, 255);\">Comit\u00ea organizador<\/strong><\/h1>\n\n\n\n\n\n\n\n\n\n\n\n\n<h2>Comit\u00ea Organizador<\/h2>\n\n<p style=\"text-align: justify;\">Presidente: Alfredo Lopes Ferreira Filho (IRD\/CNEN\/RJ)<\/p><p style=\"text-align: justify;\">Primeiro Vice-Presidente: Jo\u00e3o Carlos Videira Jos\u00e9, Catal\u00e3o (ARCTEST, SP)<\/p><p style=\"text-align: justify;\">Segundo Vice-Presidente: Eduardo Medina Gironzini (FRALC, Peru)<\/p><p style=\"text-align: justify;\">Secret\u00e1rio Geral: Ademir Amaral (DEN\/UFPE)<\/p>\n\n\n\n\n<h4>X Congresso de Prote\u00e7\u00e3o Contra Radia\u00e7\u00f5es da Comunidade de Pa\u00edses de L\u00edngua Portuguesa<\/h4>\n\n<p style=\"text-align: justify;\">Presidente: Denise Levy (IPEN, SP)<\/p><p style=\"text-align: justify;\">Vice-Presidente: Luiz Neves (SPPCR e Universidade de Coimbra, Portugal)<\/p><p style=\"text-align: justify;\">Secret\u00e1rio Geral: Clerides Meave (Ag\u00eancia Nacional de Energia At\u00f4mica,Mo\u00e7ambique)<\/p>\n\n\n\n\n<h4>X Congresso Internacional de Radioprote\u00e7\u00e3o Industrial<\/h4>\n\n<p style=\"text-align: justify;\">Presidente: Walter Truppa (ARGENTINA)<\/p><p style=\"text-align: justify;\">Vice-Presidente: Jo\u00e3o Antonio Conte (ABENDI, SP)<\/p><p style=\"text-align: justify;\">Secret\u00e1rio Geral: Presidente: Kenia Mares (CORSEG\/ABENDI, MG)<\/p>\n\n\n\n\n<h4>X Congresso Brasileiro de Metrologia das Radia\u00e7\u00f5es Ionizantes<\/h4>\n\n<p style=\"text-align: justify;\">Presidente: Carlos Henrique Sim\u00f5es de Sousa (Rede D\u2019Or, Rio de Janeiro)<\/p><p style=\"text-align: justify;\">Vice-Presidente: Jos\u00e9 Guilherme Pereira Peixota (IRD-CNEN\/RJ)<\/p><p style=\"text-align: justify;\">Secret\u00e1rio Geral: Maria da Penha Albuquerque Potiens (IPEN-CNEN\/ SP)<\/p>\n\n\n\n\n<h4>VIII Congresso Brasileiro de Prote\u00e7\u00e3o Radiol\u00f3gica<\/h4>\n\n<p style=\"text-align: justify;\">Presidente: Nivaldo Carlos da Silva (LAPOC\/CNEN-MG, Po\u00e7os de Caldas, MG)<\/p><p style=\"text-align: justify;\">Vice-Presidente: Jos\u00e9 Marcus de Oliveira Godoy (PUC, RJ)<\/p><p style=\"text-align: justify;\">Secret\u00e1rio Geral: Ricardo Tadeu Lopes (COPPE\/UFRJ, RJ)&nbsp;<\/p>\n\n\n\n\n<h4>II Encontro Nacional de Mulheres do Setor Nuclear<\/h4>\n\n<p style=\"text-align: justify;\">Presidente: Gabryele Moreira (WIN Brasil)<\/p><p style=\"text-align: justify;\">Secret\u00e1rio Geral: Anna Lucia Villavicencio (IPEN)<br><\/p>\n\n\n\n\n<h4>Comit\u00ea cient\u00edfico<\/h4>\n\n<p style=\"text-align: justify;\">Presidente: Fernando Roberto de Andrade Lima (CRCN-NE\/CNEN)<br><\/p><p style=\"text-align: justify;\">Vice-presidente: Bernardo Dantas (IRD\/CNEN, RJ)<\/p>\n\n\n\n\n<h4>Comit\u00ea Organizador no Brasil<\/h4>\n\n<p style=\"text-align: justify;\">Josilto Oliveira de Aquino (CNEN, RJ) &#8211; Presidente da SBPR;<\/p><p style=\"text-align: justify;\">Jo\u00e3o Antonio Conte (ABENDI, SP);<br><\/p><p style=\"text-align: justify;\">Lucas Gomes Padilha Filho (UFRJ, RJ). Tesoureiro da SBPR;<br><\/p><p style=\"text-align: justify;\">Maria Angelica Vergara Wasserman (IRD\/CNEN, RJ) &#8211; Diretor da SBPR;<\/p><p style=\"text-align: justify;\">Pablo Andrade Grossi (CDTN\/CNEN, MG) &#8211; Diretor da SBPR;<\/p><p style=\"text-align: justify;\">Marcelo Racy (CNEN\/DRS-SP) &#8211; Diretor da SBPR;<\/p><p style=\"text-align: justify;\">Rodrigo Leandro Bonif\u00e1cio (LAPOC\/CNEN, MG) &#8211; Diretor da SBPR;<\/p><p style=\"text-align: justify;\">Alex Silva Lima (CRCN-CO\/CNEN, GO) &#8211; Diretor da SBPR;<\/p><p style=\"text-align: justify;\">Marcus Aur\u00e9lio Pereira dos Santos (CRCN-NE, PE) &#8211; Diretor da SBPR;<\/p><p style=\"text-align: justify;\">Sergei A. Paschuk (UFTPR) &#8211; Diretor da SBPR;<\/p><p style=\"text-align: justify;\">Wilson Seraine (Instituto Federal de C&amp;T\/IFPI, PI) &#8211; Diretor da SBPR;<\/p><p style=\"text-align: justify;\">D\u00eanis Diniz Moura (F\u00e1brica do Combust\u00edvel Nuclear, FCN &#8211; INB) &#8211; Diretor da SBPR;<\/p><p style=\"text-align: justify;\">Charles de Oliveira Concei\u00e7\u00e3o (Salvado, BA) &#8211; Diretor da SBPR;<\/p><p style=\"text-align: justify;\">Altair Souza de Assis (UFF, RJ), Diretor da SBPR;<\/p><p style=\"text-align: justify;\">Paulo Ferreira (IRD\/CNEN, RJ); Diretor da SBPR;<\/p><p style=\"text-align: justify;\">Cesar Lucio Molitz Allenstein (ENGISA\/PR); Diretor da SBPR;<\/p><p style=\"text-align: justify;\">Regio dos Santos Gomes (IRD\/CNEN, RJ) &#8211; Diretor da SBPR;<br><\/p><p style=\"text-align: justify;\">Jos\u00e9 Ubiratan Delgado (IRD\/CNEN, RJ) &#8211; Diretor da SBPR;<\/p><p style=\"text-align: justify;\">Jo\u00e3o Regis dos Santos (IEN\/CNEN, RJ) &#8211; Diretor da SBPR;<br><\/p><p style=\"text-align: justify;\">Alzira Madeira (CNEN, RJ) &#8211; Diretor da SBPR;<\/p><p style=\"text-align: justify;\">Fernando Carlos Araujo Ribeiro (IRD, RJ) &#8211; Diretor da SBPR;<\/p><p style=\"text-align: justify;\">Rocio Gloria dos Reis (IRD\/CNEN, RJ), Diretor da SBPR;<\/p><p style=\"text-align: justify;\">Carolina Lodi (IME, RJ) &#8211; Diretor da SBPR;<\/p><p style=\"text-align: justify;\">Wellington Gomes de Andrade (BJRS, PE).<\/p>\n\n\n\n\n<h4>Comit\u00ea Organizador Internacional<\/h4>\n\n<p style=\"text-align: justify;\">Antonio Miguel Morgado (Departamento de F\u00edsica da Universidade de Coimbra, Portugal)<br>Augusto D Oliveira (Instituto Superior T\u00e9cnico, Universidade de Lisboa, Portugal)<br><\/p><p style=\"text-align: justify;\">Bruno Barros Leite (Hospital Curry Cabral, Lisboa, Portugal)<br>Graciano Paulo (Escola Superior de Tecnologia em Sa\u00fade de Coimbra, Portugal)<br><\/p><p style=\"text-align: justify;\">Jos\u00e9 Veiga Sim\u00e3o (Universidade de Coimbra, Portugal)<br><\/p><p style=\"text-align: justify;\">Lu\u00eds Jos\u00e9 Proen\u00e7a de Figueiredo Neves (Universidade de Coimbra, Portugal)<\/p><p style=\"text-align: justify;\">Lu\u00eds M. de Jesus Correia (Instituto Superior T\u00e9cnico de Lisboa, Portugal)<\/p><p style=\"text-align: justify;\">Lu\u00edsa Mendes (Autoridade Nacional de Comunica\u00e7\u00f5es, Portugal)<\/p><p style=\"text-align: justify;\">Manuel Abecasis (Instituto Portugu\u00eas de Oncologia de Lisboa, Portugal)<\/p><p style=\"text-align: justify;\">Maria Ang\u00e9lica Roberto (Hospital de S\u00e3o Jos\u00e9 de Lisboa, Portugal)<\/p><p style=\"text-align: justify;\">Maria Filomena Raba\u00e7a (Faculdade de Medicina de Coimbra, Portugal)<\/p><p style=\"text-align: justify;\">Nuno Carrilho Ribeiro (Hospital Curry Cabral, Lisboa, Portugal)<br>Pedro Vaz (Universidade de Lisboa, Portugal)<br>Adelaide Benedita Armando Francisco (Ag\u00eancia Nacional de Energia At\u00f3mica, Mo\u00e7ambique)<br><\/p><p style=\"text-align: justify;\">Clerides Mateus Mavie (Mo\u00e7ambique)<\/p><p style=\"text-align: justify;\">Edna Machavane (Ag\u00eancia Nacional de Energia At\u00f3mica, Mo\u00e7ambique)<br>Eunicia Jo\u00e3o Goessa (Ag\u00eancia Nacional de Energia At\u00f3mica, Mo\u00e7ambique)<br><\/p><p style=\"text-align: justify;\">Lourdes Torres (Argentina) &#8211; Centro At\u00f3mico de Bariloche\/ Instituto Balseiro<br>Eduardo Medina Gironzini (FRALC, Peru)<br><\/p>\n\n\n\n\n<h4>Comit\u00ea de Comunica\u00e7\u00e3o<\/h4>\n\n<p style=\"text-align: justify;\">Josilto Oliveira de Aquino (CNEN e SBPR)<br>Denise Levy (IPEN e SBPR)<br>Marcela de Morais Freitas (UFMG e SBPR)<br>Manoela Menezes<\/p>\n\n\n\n\n<h4>Representantes institucionais<\/h4>\n\n<p style=\"text-align: justify;\">Representante Institucional da ANVISA &#8211;&nbsp;Helen Miranda da Silva,&nbsp;Cristina Quemelo Adamis Fais,&nbsp;Jo\u00e3o Henrique Campos de Souza<\/p><p style=\"text-align: justify;\">Representante Institucional da FUNDACENTRO<\/p><p style=\"text-align: justify;\">Representante Institucional do Servi\u00e7o Geol\u00f3gico do Brasil \u2013 SGB (CPRM)<\/p><p style=\"text-align: justify;\">Representante Institucional da CRCN-NE\/CNEN &#8211;&nbsp;Marcus Aur\u00e9lio Pereira dos Santos e&nbsp;Cl\u00e1udio Jos\u00e9 Mesquita Menezes<\/p><p style=\"text-align: justify;\">Representante Institucional do IRD\/CNEN &#8211;&nbsp;Luiz Ernesto Santos de Carvalho Matta<br><\/p><p style=\"text-align: justify;\">Representante Institucional do IEN\/CNEN &#8211;&nbsp;Jo\u00e3o Regis dos Santos, Val\u00e9ria da Fonseca e Silva Pastura<\/p><p style=\"text-align: justify;\">Representante Institucional da CNEN<\/p><p style=\"text-align: justify;\">Representante Institucional da DRS\/CNEN<\/p><p style=\"text-align: justify;\">Representante Institucional do IPEN\/CNEN &#8211; Demerval Leonidas Rodrigues, Fabio Suzuki<\/p><p style=\"text-align: justify;\">Representante Institucional da CDTN\/CNEN<\/p><p style=\"text-align: justify;\">Representante Institucional da AMAZUL &#8211;&nbsp;Eros Duarte Ortigoso Carbi e&nbsp;Vanderlei Bruno Junior<\/p><p style=\"text-align: justify;\">Representante Institucional da ELETRONUCLEAR &#8211;&nbsp;Cristiano da Matta Barbosa e Carlos Roberto Matos da Silva (Divis\u00e3o de Prote\u00e7\u00e3o Radiol\u00f3gica)<\/p><p style=\"text-align: justify;\">Representante Institucional da INB &#8211;&nbsp;C\u00e9sar Gustavo Silveira da Costa e Leonardo Bernardino de Carvalho<\/p><p style=\"text-align: justify;\">Representante Institucional do Laborat\u00f3rio de Prote\u00e7\u00e3o Radiol\u00f3gica &#8211; DEN\/UFPE<br>Representante Institucional do&nbsp;SGB &#8211; Servi\u00e7o Geol\u00f3gico &#8211;&nbsp;Oderson A. de Souza Filho<br><\/p>\n\n\n\n\n\n\n\n\n\n\n","protected":false},"excerpt":{"rendered":"","protected":false},"author":1,"featured_media":0,"parent":0,"menu_order":0,"comment_status":"closed","ping_status":"closed","template":"","meta":{"pagelayer_contact_templates":[],"_pagelayer_content":"","footnotes":""},"class_list":["post-143","page","type-page","status-publish","hentry"],"_links":{"self":[{"href":"https:\/\/sbpr.org.br\/radio2024\/wp-json\/wp\/v2\/pages\/143","targetHints":{"allow":["GET"]}}],"collection":[{"href":"https:\/\/sbpr.org.br\/radio2024\/wp-json\/wp\/v2\/pages"}],"about":[{"href":"https:\/\/sbpr.org.br\/radio2024\/wp-json\/wp\/v2\/types\/page"}],"author":[{"embeddable":true,"href":"https:\/\/sbpr.org.br\/radio2024\/wp-json\/wp\/v2\/users\/1"}],"replies":[{"embeddable":true,"href":"https:\/\/sbpr.org.br\/radio2024\/wp-json\/wp\/v2\/comments?post=143"}],"version-history":[{"count":31,"href":"https:\/\/sbpr.org.br\/radio2024\/wp-json\/wp\/v2\/pages\/143\/revisions"}],"predecessor-version":[{"id":516,"href":"https:\/\/sbpr.org.br\/radio2024\/wp-json\/wp\/v2\/pages\/143\/revisions\/516"}],"wp:attachment":[{"href":"https:\/\/sbpr.org.br\/radio2024\/wp-json\/wp\/v2\/media?parent=143"}],"curies":[{"name":"wp","href":"https:\/\/api.w.org\/{rel}","templated":true}]}}