{"id":407,"date":"2024-09-08T20:31:20","date_gmt":"2024-09-08T20:31:20","guid":{"rendered":"https:\/\/sbpr.org.br\/radio2024\/?page_id=407"},"modified":"2024-10-14T12:31:26","modified_gmt":"2024-10-14T12:31:26","slug":"15-de-outubro","status":"publish","type":"page","link":"https:\/\/sbpr.org.br\/radio2024\/programacao\/15-de-outubro\/","title":{"rendered":"15 de outubro"},"content":{"rendered":"\n\n\n<h1><strong style=\"color: rgb(255, 255, 255);\">15 de outubro<\/strong><\/h1>\n\n\n\n\n\n\n\n\n\n\n\n\n<h4>8h00 a 9h00 &#8211; Cursos de atualiza\u00e7\u00e3o profissional<\/h4>\n\n<p style=\"text-align: justify;\"><span style=\"color:#0066cc;\"><strong>Sala Azul &#8211;<\/strong><\/span> Lideran\u00e7a: desenvolvimento de carreira&nbsp;<\/p><p style=\"text-align: justify;\">Ministrante &#8211; Ketrim Souza \/ WiN &#8211; Brasil<span style=\"color:#008a00;\"><strong><br><br>Sala verde<\/strong><\/span><strong><\/strong> &#8211; Renova\u00e7\u00e3o da Autoriza\u00e7\u00e3o para Opera\u00e7\u00e3o (incluindo atendimento ao FAV)<\/p><p style=\"text-align: justify;\"><p>Luiza Portugal &#8211; Jabarra Radioprote\u00e7\u00e3o<\/p><p><br><\/p><\/p><p style=\"text-align: justify;\"><span style=\"color: rgb(230, 0, 0);\"><strong>Sala Vermelha<\/strong><\/span> &#8211; Prote\u00e7\u00e3o F\u00edsica de Fontes Radioativas e Instala\u00e7\u00f5es Radiativas Associadas<br><\/p><p style=\"text-align: justify;\">Alexandre Roza de Lima, Victor de Castro Vasconcelos, Jos\u00e9lio Monteiro Filho<\/p><p style=\"text-align: justify;\"><br><\/p>\n\n\n\n\n<h4>9h00 a 10h00 &#8211;&nbsp;Round Table &#8211; MR1<\/h4>\n\n<p style=\"text-align: justify;\"><span style=\"color:#0066cc;\"><strong>Sala Azul &#8211;<\/strong><\/span>&nbsp;Prote\u00e7\u00e3o radiol\u00f3gica e a economia circular no gerenciamento de NORM na minera\u00e7\u00e3o<\/p><p style=\"text-align: justify;\"><strong>Moderadora:<\/strong> Mariza R. Franklin (IRD\/CNEN)<br><strong><br>Palestra:<\/strong> Desafios para o uso de NORM da Minera\u00e7\u00e3o aplicada a ind\u00fastria da constru\u00e7\u00e3o civil<br><\/p><p style=\"text-align: justify;\"><strong>Palestrante:<\/strong> Antonio Lu\u00eds S. Costa (Tronox do Brazil)&nbsp;&nbsp;<br><span style=\"font-weight: 700;\"><br>Palestra:&nbsp;<\/span>A economia circular e a valoriza\u00e7\u00e3o do NORM de minera\u00e7\u00e3o<\/p><p style=\"text-align: justify;\"><strong>Palestrante:<\/strong> Edouard Vialou (CBMM)<br><span style=\"font-weight: 700;\"><br>Palestra:&nbsp;<\/span>A nova norma CNEN 3.01: aplicando os conceitos de isen\u00e7\u00e3o, exclus\u00e3o e dispensa<br><\/p><p style=\"text-align: justify;\"><strong>Palestrante:<\/strong> Eliana Amaral (CNEN)<\/p><p style=\"text-align: justify;\"><strong><br><\/strong><\/p><p style=\"text-align: justify;\"><span style=\"color:#008a00;\"><strong>Sala Verde &#8211;<\/strong><\/span>&nbsp;Reguladores e Regulados na Pesquisa&nbsp;<br><span style=\"font-weight: 700;\">Palestrante:&nbsp;<\/span>Cintia Melazo Dias&nbsp;<br><span style=\"font-weight: 700;\">Palestrante:&nbsp;<\/span>Caio Caraciolo Rodrigues Elias<br><span style=\"font-weight: 700;\">Palestrante:&nbsp;<\/span>Camila Salata<br><\/p><p style=\"text-align: justify;\"><strong><br><\/strong><\/p><p style=\"text-align: justify;\"><span style=\"color:#e60000;\"><strong>Sala Vermelha<\/strong><\/span> &#8211; Revis\u00e3o da 7.01: Atualiza\u00e7\u00e3o dos requisitos para a certifica\u00e7\u00e3o de supervisores&nbsp;<\/p><p style=\"text-align: justify;\"><span style=\"font-weight: 700;\">Moderador:&nbsp;<\/span>Fabiano Petruceli (GSI-PR)<span style=\"font-weight: 700;\"><br><br><\/span><span style=\"font-weight: 700;\">Palestrante:<br><\/span>Gustavo Ferrari de Morais (CNEN)<strong><br>Comentaristas:<\/strong><br>Waldomiro Figueiredo (CETRE do Brasil)<br>Jo\u00e3o Carlos Siervo (Radioniza)<br>Cleber Jabarra (Jabarra Radioprote\u00e7\u00e3o)<strong><br><\/strong><strong>Engajamento da audi\u00eancia: <br><\/strong>Quest\u00f5es dos participantes<\/p>\n\n\n\n\n<h4>10h00 a 11h00 &#8211; Round Table &#8211; MR2<\/h4>\n\n<p style=\"text-align: justify;\"><span style=\"color: rgb(0, 102, 204);\"><span style=\"font-weight: 700;\">Sala Azul&nbsp;<\/span><\/span>&#8211; Prote\u00e7\u00e3o radiol\u00f3gica contra a exposi\u00e7\u00e3o ao rad\u00f4nio em situa\u00e7\u00f5es de exposi\u00e7\u00f5es planejadas e existentes&nbsp;&nbsp;<\/p><p style=\"text-align: justify;\"><span style=\"font-weight: 700;\">Moderador:&nbsp;<\/span>Nivaldo Carlos da Silva (LAPOC\/CNEN)<br><span style=\"font-weight: 700;\"><br>Palestra:&nbsp;<\/span>Exposi\u00e7\u00e3o ao rad\u00f4nio em resid\u00eancias no Brasil<br><\/p><p style=\"text-align: justify;\"><span style=\"font-weight: 700;\">Palestrante:<\/span><span style=\"font-weight: 700;\">&nbsp;<\/span>Oderson A. de Souza Filho (SGB\/CPRM)<br><span style=\"font-weight: 700;\"><br>Palestra:&nbsp;<\/span>Desafios para a metrologia de rad\u00f4nio realizada em organismo\/laborat\u00f3rio nacional<br><\/p><p style=\"text-align: justify;\"><span style=\"font-weight: 700;\">Palestrante:<\/span><span style=\"font-weight: 700;\">&nbsp;<\/span>Paulo Roberto R. Ferreira (IRD\/CNEN)<br><span style=\"font-weight: 700;\"><br>Palestra:&nbsp;<\/span>Exposi\u00e7\u00e3o ao rad\u00f4nio em situa\u00e7\u00f5es de exposi\u00e7\u00f5es planejadas: a experi\u00eancia da INB\/UDC<br><\/p><p style=\"text-align: justify;\"><span style=\"font-weight: 700;\">Palestrante:<\/span><span style=\"font-weight: 700;\">&nbsp;<\/span>Marcelino V. de Almeida Dantas (INB)&nbsp;<\/p><p style=\"text-align: justify;\"><strong><br><\/strong><\/p><p style=\"text-align: justify;\"><span style=\"color:#008a00;\"><strong>Sala Verde<\/strong><\/span>&nbsp;&#8211; Reguladores e Regulados na Ind\u00fastria<strong><br>Palestrantes<\/strong><br>Cintia Melazo Dias<br><\/p><p style=\"text-align: justify;\">Caio Caraciolo Rodrigues Elias<\/p><p style=\"text-align: justify;\">Camila Salata<\/p><p style=\"text-align: justify;\"><strong><br><\/strong><\/p><p style=\"text-align: justify; color: rgb(230, 0, 0);\"><strong>Sala Vermelha <\/strong><span style=\"color:#000000;\"><strong><\/strong>&#8211; <\/span><span style=\"color:#000000;\">Comunica\u00e7\u00e3o na \u00e1rea radiol\u00f3gica e nuclear para os diversos p\u00fablicos no Brasil<\/span><\/p><p style=\"text-align: justify;\"><strong>Moderador:<\/strong> Denise Levy (IPEN)<br><span style=\"font-weight: 700;\">Palestrantes:&nbsp;<br><\/span>Fabiano Petruceli (GSI-PR)<br><\/p><p style=\"text-align: justify;\">Valeria Pastura (IEN)<\/p><p style=\"text-align: justify;\">Gabryele Moreira (WIN Brasil)<br>Denise Levy (IPEN)<br><\/p><p style=\"text-align: justify;\"><br><\/p>\n\n\n\n\n<h4>11h00 a 11h30<\/h4>\n\n<p style=\"text-align: justify;\">Coffee Break &amp; Poster<\/p>\n\n\n\n\n<h4>11h30 a 13h00 &#8211; Sess\u00e3o Plen\u00e1ria<\/h4>\n\n<p style=\"text-align: justify;\"><strong>Audit\u00f3rio principal &#8211; <\/strong>O Futuro da \u00c1rea Nuclear no pa\u00eds: Desafios na Gest\u00e3o do Conhecimento e Forma\u00e7\u00e3o de Profissionais<strong><br>Moderador&nbsp;<\/strong><br>Denise Levy (IPEN\/SBPR)<strong><br>Palestrantes<\/strong><br><\/p><p style=\"text-align: justify;\">Tom\u00e9 Albertino de Sousa Machado (AMAZUL)<\/p><p style=\"text-align: justify;\">Daniele Cordeiro Ferreira (ELETRONUCLEAR)<\/p><p style=\"text-align: justify;\">Cicilia Silveira (INB)<\/p><p style=\"text-align: justify;\"><br><\/p>\n\n\n\n\n<h4>13h00 a 14h30<\/h4>\n\n<p style=\"text-align: justify;\">Almo\u00e7o<br><\/p>\n\n\n\n\n<h4>14h30 a 15h30 &#8211; Round Table &#8211; MR3&nbsp;<\/h4>\n\n<p style=\"text-align: justify;\"><span style=\"color: rgb(0, 102, 204);\"><span style=\"font-weight: 700;\">Sala Azul<\/span><\/span>&nbsp;&#8211; Desafios da Prote\u00e7\u00e3o Radiol\u00f3gica no gerenciamento de NORM na ind\u00fastria de \u00f3leo e g\u00e1s<\/p><p style=\"text-align: justify;\"><span style=\"font-weight: 700;\">Moderador:&nbsp;<\/span>Gisele Birman Tonietto&nbsp;<br><br><\/p><p style=\"text-align: justify;\"><span style=\"font-weight: 700;\">Palestra:&nbsp;<\/span>A Radioprote\u00e7\u00e3o no Descomissionamento e Desmantelamento de unidades offshore&nbsp;<br><span style=\"font-weight: 700;\">Palestrante:&nbsp;<\/span>Gabriel Jabarra (Jabarra Radioprote\u00e7\u00e3o)&nbsp;<br><br><\/p><p style=\"text-align: justify;\"><span style=\"font-weight: 700;\">Palestra:<\/span><span style=\"font-weight: 700;\">&nbsp;<\/span>O desafio do Gerenciamento de NORM na Ind\u00fastria de O&amp;G no Brasil&nbsp;<br><\/p><p style=\"text-align: justify;\"><span style=\"font-weight: 700;\">Palestrante:&nbsp;<\/span>Marcelo Valinhas (Petrobras)<br><br><\/p><p style=\"text-align: justify;\"><span style=\"font-weight: 700;\">Palestra:<\/span><span style=\"font-weight: 700;\">&nbsp;<\/span>Abordagem regulat\u00f3ria dos rejeitos NORM da ind\u00fastria de O&amp;G&nbsp; &nbsp;<br><\/p><p style=\"text-align: justify;\"><span style=\"font-weight: 700;\">Palestrante:&nbsp;<\/span>Ailton F. Dias (CNEN)<br><span style=\"color:#0066cc;\"><strong><br><\/strong><\/span><span style=\"color: rgb(0, 138, 0);\"><strong>Sala Verde<\/strong><\/span> &#8211; Reguladores e Regulados na Medicina<span style=\"color:#0066cc;\"><strong><br><\/strong><\/span><\/p><p style=\"text-align: justify;\"><\/p><p><strong>Palestrantes<\/strong><br>Cintia Melazo Dias&nbsp;<\/p><p>Caio Caraciolo Rodrigues Elias&nbsp;<\/p><p>Camila Salata&nbsp;<\/p><p style=\"text-align: justify;\"><br><\/p><p style=\"text-align: justify;\"><span style=\"color:#e60000;\"><strong>Sala Vermelha<\/strong><\/span> &#8211; Radia\u00e7\u00e3o Ionizante em Tripula\u00e7\u00f5es de Aeronaves<\/p><p style=\"text-align: justify;\"><strong>Palestrantes<\/strong><br>Odair Lelis Gon\u00e7alez<\/p><p style=\"text-align: justify;\">Comandante Amilton C. Ruas&nbsp;<\/p><p style=\"text-align: justify;\">Paulo Souza<\/p><p style=\"text-align: justify;\">Comandante Henrique Hacklander<\/p><p style=\"text-align: justify;\"><br><\/p>\n\n\n\n\n<h4>15h30 a 17h00 &#8211; Sess\u00e3o t\u00e9cnica\/Apresenta\u00e7\u00f5es orais<\/h4>\n\n<p style=\"text-align: justify;\"><span style=\"color:#0066cc;\"><strong>Sala Azul <\/strong><\/span>&#8211; <span style=\"color:#0066cc;\">ST1 &#8211; Dosimetria e Instrumenta\u00e7\u00e3o<\/span><\/p><p style=\"text-align: justify;\">11 &#8211; Calibration of a NaI scintillation detection system using Eu-152<\/p><p style=\"text-align: justify;\">61 &#8211; Caracteriza\u00e7\u00e3o de um MOSFET comercial como detetor em campos pequenos de f\u00f3tons de Raio X com 6 MV e sua valida\u00e7\u00e3o atrav\u00e9s de intercompara\u00e7\u00e3o.<\/p><p style=\"text-align: justify;\">36 &#8211; Desenvolvimento de Biossensores: Uma Abordagem Multifuncional.<\/p><p style=\"text-align: justify;\">74 &#8211; Efeitos da radia\u00e7\u00e3o gama no VDMOSFET&nbsp;<\/p><p style=\"text-align: justify;\">54 &#8211; Evaluaci\u00f3n de la exposici\u00f3n ocupacional a la radiaci\u00f3n ionizante del personal sanitario de un centro de salud por \u00e1rea de trabajo<\/p><p style=\"text-align: justify;\">90 &#8211; Novo m\u00e9todo de voxeliza\u00e7\u00e3o de fantomas mesh atrav\u00e9s de imagens transversais<\/p><p style=\"text-align: justify;\">105 &#8211; TECNOLOGIAS NUCLEARES NA SA\u00daDE: CONTRIBUI\u00c7\u00d5ES \u00c0 ESTRAT\u00c9GIA BRASILEIRA PARA O SETOR NUCLEAR<\/p><p style=\"text-align: justify;\"><strong><br><\/strong><\/p><p style=\"text-align: justify;\"><span style=\"color:#008a00;\"><strong>Sala Verde<\/strong><\/span> &#8211; <span style=\"color:#008a00;\">ST2 &#8211; Dosmetria e Instrumenta\u00e7\u00e3o e Radioprote\u00e7\u00e3o Ocupacional e de Paciente<\/span><\/p><p style=\"text-align: justify;\">80 &#8211; Radiochromic Film EBT3 Calibration for Linear Accelerator in 10 MV<\/p><p style=\"text-align: justify;\">75 &#8211; Resposta de um detector PET em feixes de radioterapia de qualidade 6MV<\/p><p style=\"text-align: justify;\">14 &#8211; Transistor bipolar de jun\u00e7\u00e3o como detector na dosimetria de radia\u00e7\u00e3o gama do Co(60)<\/p><p style=\"text-align: justify;\">79 &#8211; Mensura\u00e7\u00e3o secund\u00e1ria na tireoide e prim\u00e1ria em cristalino em exames de tomografia computadorizada de cr\u00e2nio<\/p><p style=\"text-align: justify;\">114 &#8211; Segmenta\u00e7\u00e3o e Voxeliza\u00e7\u00e3o do Simulador Antropom\u00f3rfico Alderson Rando para Posterior Avalia\u00e7\u00e3o Comparativa das Doses de um Tratamento de Radioterapia, Atrav\u00e9s do SisTEMA A DEFINIRde Planejamento e Modelagem Computacional.<\/p><p style=\"text-align: justify;\">118 &#8211; Study of soft tissue filler in anthropomorphic mouse phantom<\/p><p style=\"text-align: justify;\">111 &#8211; Buscando melhoria da qualidade na pr\u00e1tica da Radioiodoterapia: Aplica\u00e7\u00e3o de uma ferramenta online baseada metodologia QUANUM<\/p><p style=\"text-align: justify;\"><strong><br><\/strong><\/p><p style=\"text-align: justify;\"><span style=\"color:#e60000;\"><strong>Sala Vermelha<\/strong><\/span> &#8211; <span style=\"color:#e60000;\">ST3 &#8211; Divulga\u00e7\u00e3o na \u00c1rea Radiol\u00f3gica e Nuclear e Forma\u00e7\u00e3o de RH<\/span><\/p><p style=\"text-align: justify;\">57 &#8211; &#8220;El Poder de las Herramientas Digitales y los V\u00eddeos Explicativos: Impulsando el Aprendizaje de los Profesionales J\u00f3venes en F\u00edsica M\u00e9dica y Radiaciones Ionizantes&#8221;<\/p><p style=\"text-align: justify;\">77 &#8211; Didactic Proposal in the Nuclear area for Higher Education&nbsp;<\/p><p style=\"text-align: justify;\">33 &#8211; RADIO HUNTER: Uma abordagem tangencial no Ensino em radiologia&nbsp;<\/p><p style=\"text-align: justify;\">30 &#8211; The importance of science communication: An analysis of the impact of the Curie podcast on science education<\/p><p style=\"text-align: justify;\">97 &#8211; Successful Skill Strategies for Nuclear Science Communication: Distinct Approaches to Different Professional Segments<\/p><p style=\"text-align: justify;\">122 &#8211; A relev\u00e2ncia e credibilidade da Medicina Nuclear como fatores de aceita\u00e7\u00e3o p\u00fablica da energia nuclear<\/p><p style=\"text-align: justify;\">153 &#8211; A radioatividade de \u00e1guas minerais na perspectiva da divulga\u00e7\u00e3o cient\u00edfica<\/p><p style=\"text-align: justify;\"><br><\/p>\n\n\n\n\n<h4>17h00 a 17h30<\/h4>\n\n<p style=\"text-align: justify;\">Coffee Break &amp; Poster<br><\/p>\n\n\n\n\n<h4>17h30 a 18h00<\/h4>\n\n<p style=\"text-align: justify;\"><strong>Audit\u00f3rio principal <\/strong>&#8211; Sess\u00e3o plen\u00e1ria de encerramento<br><\/p>\n\n\n\n\n\n\n","protected":false},"excerpt":{"rendered":"","protected":false},"author":1,"featured_media":0,"parent":358,"menu_order":0,"comment_status":"closed","ping_status":"closed","template":"","meta":{"pagelayer_contact_templates":[],"_pagelayer_content":"","footnotes":""},"class_list":["post-407","page","type-page","status-publish","hentry"],"_links":{"self":[{"href":"https:\/\/sbpr.org.br\/radio2024\/wp-json\/wp\/v2\/pages\/407","targetHints":{"allow":["GET"]}}],"collection":[{"href":"https:\/\/sbpr.org.br\/radio2024\/wp-json\/wp\/v2\/pages"}],"about":[{"href":"https:\/\/sbpr.org.br\/radio2024\/wp-json\/wp\/v2\/types\/page"}],"author":[{"embeddable":true,"href":"https:\/\/sbpr.org.br\/radio2024\/wp-json\/wp\/v2\/users\/1"}],"replies":[{"embeddable":true,"href":"https:\/\/sbpr.org.br\/radio2024\/wp-json\/wp\/v2\/comments?post=407"}],"version-history":[{"count":37,"href":"https:\/\/sbpr.org.br\/radio2024\/wp-json\/wp\/v2\/pages\/407\/revisions"}],"predecessor-version":[{"id":583,"href":"https:\/\/sbpr.org.br\/radio2024\/wp-json\/wp\/v2\/pages\/407\/revisions\/583"}],"up":[{"embeddable":true,"href":"https:\/\/sbpr.org.br\/radio2024\/wp-json\/wp\/v2\/pages\/358"}],"wp:attachment":[{"href":"https:\/\/sbpr.org.br\/radio2024\/wp-json\/wp\/v2\/media?parent=407"}],"curies":[{"name":"wp","href":"https:\/\/api.w.org\/{rel}","templated":true}]}}