{"id":413,"date":"2024-09-08T20:31:28","date_gmt":"2024-09-08T20:31:28","guid":{"rendered":"https:\/\/sbpr.org.br\/radio2024\/?page_id=413"},"modified":"2024-10-14T12:29:45","modified_gmt":"2024-10-14T12:29:45","slug":"16-de-outubro","status":"publish","type":"page","link":"https:\/\/sbpr.org.br\/radio2024\/programacao\/16-de-outubro\/","title":{"rendered":"16 de outubro"},"content":{"rendered":"\n\n\n<h1><strong style=\"color: rgb(255, 255, 255);\">16 de outubro<\/strong><\/h1>\n\n\n\n\n\n\n\n\n\n\n\n\n\n<h4>8h00 a 9h00 &#8211; Cursos de atualiza\u00e7\u00e3o profissional<\/h4>\n\n\n<p style=\"text-align: justify;\"><span style=\"color:#0066cc;\"><strong>Sala Azul &#8211;<\/strong><\/span>&nbsp;Prote\u00e7\u00e3o F\u00edsica de Fontes Radioativas e Instala\u00e7\u00f5es Radiativas Associadas<\/p><p style=\"text-align: justify;\">Alexandre Roza de Lima, Victor de Castro Vasconcelos, Jos\u00e9lio Monteiro Filho&nbsp;<\/p><p style=\"text-align: justify;\"><br><\/p><p style=\"text-align: justify;\"><span style=\"color: rgb(0, 102, 204);\"><span style=\"font-weight: 700; color: rgb(0, 138, 0);\">Sala verde &#8211;<\/span><\/span>&nbsp;Transporte de Materiais Radioativos: principais atualiza\u00e7\u00f5es da 5.01 e ANTT<\/p><p style=\"text-align: justify;\">Fabio Suzuki<\/p><p style=\"text-align: justify;\"><strong><br><\/strong><\/p><p style=\"text-align: justify;\"><span style=\"color:#e60000;\"><strong>Sala Vermelha<\/strong><\/span> &#8211; O papel da lideran\u00e7a na reten\u00e7\u00e3o de talentos<\/p><p style=\"text-align: justify;\">Ketrim Souza \/ WiN &#8211; Brasil<\/p><p style=\"text-align: justify;\"><br><\/p>\n\n\n\n\n\n<h4>9h00 a 10h00 &#8211;\u00a0Round Table &#8211; MR1<\/h4>\n\n\n<p style=\"text-align: justify;\"><span style=\"color:#0066cc;\"><strong>Sala Azul &#8211;<\/strong><\/span>&nbsp;Aplica\u00e7\u00f5es M\u00e9dicas &#8211;&nbsp;Desafios na pesquisa e produ\u00e7\u00e3o de Radiof\u00e1rmacos no Brasil<br>Vis\u00e3o da SBMN \u2013&nbsp; Fl\u00e1via Paiva<br>Vis\u00e3o do IPEN \u2013 Luiz A. Pereira Dias<br>Palestra seguida de discuss\u00e3o<br><br><strong>Palestra seguida de discuss\u00e3o<\/strong><\/p><p style=\"text-align: justify;\"><strong><br><\/strong><\/p><p style=\"text-align: justify;\"><span style=\"color:#008a00;\"><strong>Sala Verde &#8211;<\/strong><\/span>&nbsp;&nbsp;Reatores Inovadores &#8211; Desenvolvimento Tecnol\u00f3gico e Cient\u00edfico no Brasil &#8211;&nbsp;Reatores avan\u00e7ados de pequeno e grande porte &#8211; perspectivas no Brasil e no mundo<\/p><p style=\"text-align: justify;\">Moderador: Inay\u00e1 Lima (COPPE\/UFRJ)<\/p><p style=\"text-align: justify;\">Palestrantes:&nbsp;<br><\/p><p style=\"text-align: justify;\">Caio J\u00falius C\u00e9sar Miranda Rodrigues da Cunha (CRCN-NE\/CNEN)<br><\/p><p style=\"text-align: justify;\">Leonam Guimar\u00e3es (AMAZUL\/ABDAN)<\/p><p style=\"text-align: justify;\">Maritza Gual (AMAZUL)<br><\/p><p style=\"text-align: justify;\"><strong><br><\/strong><\/p><p style=\"text-align: justify;\"><span style=\"color:#e60000;\"><strong>Sala Vermelha<\/strong><\/span> &#8211; Abertura do II Encontro de Mulheres do Setor Nuclear&nbsp;<\/p><p style=\"text-align: justify;\">Isolda Costa (IPEN)<br>Gabryele Moreira (WIN Brasil)<br>Anna Lucia Villavicencio (IPEN)<strong><br><br>Palestra:&nbsp;<\/strong>A WiN Brasil<\/p><p style=\"text-align: justify;\"><strong>Palestrante: <\/strong>Anna Let\u00edcia Sousa (CNEN \/ WiN Brasil)<br><\/p>\n\n\n\n\n\n<h4>10h00 a 11h00 &#8211; Round Table &#8211; MR2<\/h4>\n\n\n<p style=\"text-align: justify;\"><span style=\"color: rgb(0, 102, 204);\"><span style=\"font-weight: 700;\">Sala Azul &#8211;<\/span><\/span>&nbsp;Desafios atuais e perspectivas em Medicina Nuclear&nbsp;<\/p><p style=\"text-align: justify;\"><strong>Moderador: <\/strong>Lidia de S\u00e1<\/p><p style=\"text-align: justify;\"><strong>Tem\u00e1ticas e palestrantes<\/strong><\/p><p style=\"text-align: justify;\">Revis\u00e3o da norma\/regula\u00e7\u00e3o&nbsp; &#8211; Marissa Rivera&nbsp;&nbsp;e Lidia Vasconcellos de S\u00e1<\/p><p style=\"text-align: justify;\">Dosimetria cl\u00ednica&nbsp; &#8211; Tadeu Kubo&nbsp;<\/p><p style=\"text-align: justify;\">NRD&nbsp; &#8211; Marissa Rivera<\/p><p style=\"text-align: justify;\">Discuss\u00e3o<\/p><p style=\"text-align: justify;\"><strong><br><\/strong><\/p><p style=\"text-align: justify;\"><span style=\"color: rgb(0, 138, 0);\"><span style=\"font-weight: 700;\">Sala Verde (Continua\u00e7\u00e3o)<\/span><\/span>&nbsp; &#8211; Reatores Inovadores &#8211; Desenvolvimento Tecnol\u00f3gico e Cient\u00edfico no Brasil &#8211;&nbsp;Reatores avan\u00e7ados de pequeno e grande porte &#8211; perspectivas no Brasil e no mundo<br><br><\/p><p style=\"text-align: justify;\">Moderador: Inay\u00e1 Lima (COPPE\/UFRJ)<\/p><p style=\"text-align: justify;\">Palestrantes:&nbsp;<br><\/p><p style=\"text-align: justify;\">Caio J\u00falius C\u00e9sar Miranda Rodrigues da Cunha (CRCN-NE\/CNEN)<br><\/p><p style=\"text-align: justify;\">Leonam Guimar\u00e3es (AMAZUL\/ABDAN)<\/p><p style=\"text-align: justify;\">Maritza Gual (AMAZUL)<\/p><p style=\"text-align: justify;\"><strong><br><\/strong><\/p><p style=\"text-align: justify;\"><strong style=\"color: rgb(230, 0, 0);\">Sala Vermelha &#8211;&nbsp;<\/strong>Jornalismo Cient\u00edfico<\/p><p style=\"text-align: justify;\"><strong>Moderadora: <\/strong>Gabryele Moreira (WIN Brasil)<strong><br><br>Palestra:&nbsp;<\/strong>Estrat\u00e9gias de comunica\u00e7\u00e3o digital na \u00e1rea nuclear<strong><br>Palestrante:&nbsp;<\/strong>Nic\u00e9a Barreto (WiN Brasil)<strong><br><br>Palestra:&nbsp;<\/strong>Discurso e conte\u00fado<br><span style=\"font-weight: 700;\">Palestrante:&nbsp;<\/span>Ana Paula Artaxo (CNEN\/WiN Brasil)<strong><br><br>Palestra:<\/strong>&nbsp;Linkedin como ferramenta de refor\u00e7o de imagem<br><\/p><p style=\"text-align: justify;\"><span style=\"font-weight: 700;\">Palestrante:&nbsp;<\/span>Rosana Soares (INB)<strong><br><br>Palestra:<\/strong>&nbsp;Curie Podcast<br><span style=\"font-weight: 700;\">Palestrante:&nbsp;<\/span>Celina Fagundes (WiN Brasil)<br><\/p>\n\n\n\n\n\n<h4>11h00 a 11h30<\/h4>\n\n\n\n<p [object NamedNodeMap]>Coffee Break &amp; Poster<\/p>\n\n\n\n\n\n\n<h4>11h30 a 13h00 &#8211; Sess\u00e3o Plen\u00e1ria<\/h4>\n\n\n<p style=\"text-align: justify;\"><strong>Audit\u00f3rio principal &#8211; <\/strong>Nova CNEN-NN-3.01: Inova\u00e7\u00f5es e Impactos no Futuro da Seguran\u00e7a Radiol\u00f3gica<\/p><p style=\"text-align: justify;\"><br><\/p>\n\n\n\n\n\n<h4>13h00 a 14h30<\/h4>\n\n\n\n<p [object NamedNodeMap]>Almo\u00e7o<br><\/p>\n\n\n\n\n\n\n<h4>14h30 a 15h30 &#8211; Round Table &#8211; MR3\u00a0<\/h4>\n\n\n<p style=\"text-align: justify;\"><span style=\"color:#0066cc;\"><strong>Sala Azul <\/strong><\/span>&#8211; Perspectivas atuais e futuras em Radioterapia<\/p><p style=\"text-align: justify;\"><strong>Tem\u00e1ticas e palestrantes<\/strong><\/p><p style=\"text-align: justify;\">Radioterapia: novas t\u00e9cnicas&nbsp;&#8211; VMAT, FLASH, \u00edons \u2013 Delano V. Batista<\/p><p style=\"text-align: justify;\">Braquiterapia &#8211;&nbsp;Roberto Salomon (INCA)<\/p><p style=\"text-align: justify;\">Discuss\u00e3o<\/p><p style=\"text-align: justify;\"><br><\/p><p style=\"text-align: justify;\"><strong><br><\/strong><\/p><p style=\"text-align: justify;\"><span style=\"color:#008a00;\"><strong>Sala Verde<\/strong><\/span> &#8211; Reator Muitiproposito Brasileiro (RMB)<strong><br>Palestra: <\/strong>Reator Muitiproposito Brasileiro (RMB): Aplica\u00e7\u00f5es e situa\u00e7\u00e3o atual do Empreendimento<strong><br>Palestrante:&nbsp;<\/strong>Jos\u00e9 Augusto Perrotta (IPEN-CNEN)<\/p><p style=\"text-align: justify;\"><strong><br><\/strong><\/p><p style=\"text-align: justify;\"><span style=\"color:#e60000;\"><strong>Sala Vermelha<\/strong><\/span> &#8211; Controle e seguran\u00e7a de transporte de materiais nucleares<\/p><p style=\"text-align: justify;\"><strong>Moderadora:<\/strong> M\u00e9rcia Assis (INB\/WiN Brasil)<\/p><p style=\"text-align: justify;\"><br><span style=\"font-weight: 700;\">Palestra:&nbsp;<\/span>Log\u00edstica do Ciclo do Combust\u00edvel Nuclear<br><span style=\"font-weight: 700;\">Palestrante:&nbsp;<\/span>Thais Antunes (INB)<br><br><span style=\"font-weight: 700;\">Palestra:&nbsp;<\/span>Aspectos de prote\u00e7\u00e3o radiologia no transporte de material nuclear<br><span style=\"font-weight: 700;\">Palestrante:&nbsp;<\/span>Ang\u00e9lica Kiepper (INB)<br><br><span style=\"font-weight: 700;\">Palestra:&nbsp;<\/span>Seguran\u00e7a f\u00edsica do transporte de material nuclear para as usinas de Angra<br><span style=\"font-weight: 700;\">Palestrante:&nbsp;<\/span>Lourena Siqueira (Eletronuclear)<br><br><span style=\"font-weight: 700;\">Palestra:&nbsp;<\/span>Contabilidade e controle de materiais nucleares<br><span style=\"font-weight: 700;\">Palestrante:&nbsp;<\/span>M\u00e9rcia Assis (INB\/WiN Brasil)<\/p><p style=\"text-align: justify;\"><br><\/p><p style=\"text-align: justify;\"><br><\/p>\n\n\n\n\n\n<h4>15h30 a 17h00 &#8211; Sess\u00e3o t\u00e9cnica\/Apresenta\u00e7\u00f5es orais<\/h4>\n\n\n<p style=\"text-align: justify;\"><span style=\"color:#0066cc;\"><strong>Sala Azul <\/strong><\/span>&#8211; <font color=\"#0066cc\">ST4 &#8211; Metrologia e Radiometria<\/font><\/p><p style=\"text-align: justify;\">12 &#8211; 90Y microspheres: identifying impurities for precise activity measurement<\/p><p style=\"text-align: justify;\">28 &#8211; An\u00e1lise comparativa dos fluxos de n\u00eautrons com um detector de (LiEu) encapsulado com c\u00e1dmio.<\/p><p style=\"text-align: justify;\">35 &#8211; Compara\u00e7\u00e3o de m\u00e9todos volum\u00e9trico e gravim\u00e9trico na calibra\u00e7\u00e3o de ativ\u00edmetros<\/p><p style=\"text-align: justify;\">85 &#8211; Espectrometria de n\u00eautrons de uma fonte de 241AmLi utilizando o SisTEMA A DEFINIRde detec\u00e7\u00e3o de Multiesferas de Bonner<\/p><p style=\"text-align: justify;\">72 &#8211; Estrutura\u00e7\u00e3o de um projeto com base no&nbsp; Growth Marketing para uma startup cient\u00edfica de radia\u00e7\u00e3o ionizante<\/p><p style=\"text-align: justify;\">31 &#8211; Monte Carlo validation of a low-energy free air chamber<\/p><p style=\"text-align: justify;\">144 &#8211; Study of attenuation ABS filament to construct a radiotherapy 3D-printed phantom<\/p><p style=\"text-align: justify;\"><strong><br><\/strong><\/p><p style=\"text-align: justify;\"><span style=\"color:#008a00;\"><strong>Sala Verde<\/strong><\/span> &#8211; <font color=\"#008a00\">ST5 &#8211; Metrologia e Radiometria<\/font><\/p><p style=\"text-align: justify;\">45 &#8211; Prompt response to radiological emergency: application assists using AI and machine learning in accident management.<\/p><p style=\"text-align: justify;\">32 &#8211; Uncertainty evaluation in the calibration of the Am-241 photon spectrum using DPPMCA software<\/p><p style=\"text-align: justify;\">38 &#8211; Validation of NaI(Tl): An Analytical Calibration Tool to Provide in situ Traceability of Radiopharmaceuticals in Brazil<\/p><p style=\"text-align: justify;\">121 &#8211; Secondary Standardization of Neutron Fluence Fields at the Argonaut Reactor &#8211; IEN: Assessment of Calibration and Irradiation Metrological Capacity for Samples and Instruments<\/p><p style=\"text-align: justify;\">129 &#8211; Construction Process of a Lead-Moderated \u00b2&amp;#8308;\u00b9Am-Be System to Simulate the Neutron Spectrum of \u00b2&amp;#8309;\u00b2Cf<\/p><p style=\"text-align: justify;\">50 &#8211; DISTRIBUI\u00c7\u00c3O DE ELEMENTOS RADIOATIVOS NATURAIS EM SOLOS DO ESTADO DE GOI\u00c1S, ESTIMATIVA DE DOSE EXTERNA E CORRELA\u00c7\u00c3O COM CARACTER\u00cdSTICAS AMBIENTAIS<\/p><p style=\"text-align: justify;\">124 &#8211; O impacto da ferramenta Amea\u00e7a Base de Projeto na estrutura regulat\u00f3ria do setor nuclear brasileiro<\/p><p style=\"text-align: justify;\"><strong><br><\/strong><\/p><p style=\"text-align: justify;\"><span style=\"color:#e60000;\"><strong>Sala Vermelha<\/strong><\/span> &#8211; <font color=\"#e60000\">ST6 &#8211; Radioprote\u00e7\u00e3o do Meio Ambiente<\/font><\/p><p style=\"text-align: justify;\">91 &#8211; Assessment of atmospheric radon levels at two altitudes and analysis of a previous characterization of atmospheric stability conditions in a nuclear facility for atmospheric dispersion analysis&nbsp;<\/p><p style=\"text-align: justify;\">89 &#8211; Assessment of radon gas exhalation from soil and radon activity concentration in water in a Brazilian nuclear research institute<\/p><p style=\"text-align: justify;\">18 &#8211; Benchmarking radon detectors to verify calibration and the influence of geometric parameters in the calculation of the calibration factor for radon trace detectors<\/p><p style=\"text-align: justify;\">50 &#8211; DISTRIBUI\u00c7\u00c3O DE ELEMENTOS RADIOATIVOS NATURAIS EM SOLOS DO ESTADO DE GOI\u00c1S, ESTIMATIVA DE DOSE EXTERNA E CORRELA\u00c7\u00c3O COM CARACTER\u00cdSTICAS AMBIENTAIS<\/p><p style=\"text-align: justify;\">21 &#8211; Study of radon exhalation rate by granulometry<\/p><p style=\"text-align: justify;\">94 &#8211; MAPRAD: mapping the radioactivity in Brazilian soils<\/p><p style=\"text-align: justify;\">96 &#8211; Determina\u00e7\u00e3o da Concentra\u00e7\u00e3o do G\u00e1s Rad\u00e3o (222Rn) em Compartimentos n\u00e3o Habitacionais<\/p>\n\n\n\n\n\n<h4>17h00 a 17h30<\/h4>\n\n\n<p style=\"text-align: justify;\">Coffee Break &amp; Poster<br><\/p>\n\n\n\n\n\n<h4>17h30 a 18h00<\/h4>\n\n\n\n<p [object NamedNodeMap]><strong>Audit\u00f3rio principal <\/strong>&#8211; Sess\u00e3o plen\u00e1ria de encerramento<br><\/p>\n\n\n\n\n\n\n\n","protected":false},"excerpt":{"rendered":"","protected":false},"author":1,"featured_media":0,"parent":358,"menu_order":0,"comment_status":"closed","ping_status":"closed","template":"","meta":{"pagelayer_contact_templates":[],"_pagelayer_content":"","footnotes":""},"class_list":["post-413","page","type-page","status-publish","hentry"],"_links":{"self":[{"href":"https:\/\/sbpr.org.br\/radio2024\/wp-json\/wp\/v2\/pages\/413","targetHints":{"allow":["GET"]}}],"collection":[{"href":"https:\/\/sbpr.org.br\/radio2024\/wp-json\/wp\/v2\/pages"}],"about":[{"href":"https:\/\/sbpr.org.br\/radio2024\/wp-json\/wp\/v2\/types\/page"}],"author":[{"embeddable":true,"href":"https:\/\/sbpr.org.br\/radio2024\/wp-json\/wp\/v2\/users\/1"}],"replies":[{"embeddable":true,"href":"https:\/\/sbpr.org.br\/radio2024\/wp-json\/wp\/v2\/comments?post=413"}],"version-history":[{"count":36,"href":"https:\/\/sbpr.org.br\/radio2024\/wp-json\/wp\/v2\/pages\/413\/revisions"}],"predecessor-version":[{"id":582,"href":"https:\/\/sbpr.org.br\/radio2024\/wp-json\/wp\/v2\/pages\/413\/revisions\/582"}],"up":[{"embeddable":true,"href":"https:\/\/sbpr.org.br\/radio2024\/wp-json\/wp\/v2\/pages\/358"}],"wp:attachment":[{"href":"https:\/\/sbpr.org.br\/radio2024\/wp-json\/wp\/v2\/media?parent=413"}],"curies":[{"name":"wp","href":"https:\/\/api.w.org\/{rel}","templated":true}]}}